{"id":382,"date":"2023-04-27T11:29:13","date_gmt":"2023-04-27T11:29:13","guid":{"rendered":"https:\/\/ames.ma\/?page_id=382"},"modified":"2023-11-20T09:45:26","modified_gmt":"2023-11-20T09:45:26","slug":"foire-aux-questions","status":"publish","type":"page","link":"https:\/\/www.ames.ma\/index.php\/foire-aux-questions\/","title":{"rendered":"Foire aux questions"},"content":{"rendered":"\t\t<div data-elementor-type=\"wp-page\" data-elementor-id=\"382\" class=\"elementor elementor-382\">\n\t\t\t\t\t\t\t\t\t<section class=\"elementor-section elementor-top-section elementor-element elementor-element-68587dc8 elementor-section-full_width elementor-section-stretched elementor-section-height-default elementor-section-height-default\" data-id=\"68587dc8\" data-element_type=\"section\" data-settings=\"{&quot;stretch_section&quot;:&quot;section-stretched&quot;}\">\n\t\t\t\t\t\t<div class=\"elementor-container elementor-column-gap-default\">\n\t\t\t\t\t<div class=\"elementor-column elementor-col-100 elementor-top-column elementor-element elementor-element-612b5b29\" data-id=\"612b5b29\" data-element_type=\"column\">\n\t\t\t<div class=\"elementor-widget-wrap elementor-element-populated\">\n\t\t\t\t\t\t\t\t<div class=\"elementor-element elementor-element-78a45bdf elementor--h-position-center elementor--v-position-middle elementor-arrows-position-inside elementor-pagination-position-inside elementor-widget elementor-widget-slides\" data-id=\"78a45bdf\" data-element_type=\"widget\" data-settings=\"{&quot;navigation&quot;:&quot;both&quot;,&quot;autoplay&quot;:&quot;yes&quot;,&quot;pause_on_hover&quot;:&quot;yes&quot;,&quot;pause_on_interaction&quot;:&quot;yes&quot;,&quot;autoplay_speed&quot;:5000,&quot;infinite&quot;:&quot;yes&quot;,&quot;transition&quot;:&quot;slide&quot;,&quot;transition_speed&quot;:500}\" data-widget_type=\"slides.default\">\n\t\t\t\t<div class=\"elementor-widget-container\">\n\t\t\t<style>\/*! elementor-pro - v3.7.3 - 31-07-2022 *\/\n.elementor-slides .swiper-slide-bg{background-size:cover;background-position:50%;background-repeat:no-repeat;min-width:100%;min-height:100%}.elementor-slides .swiper-slide-inner{background-repeat:no-repeat;background-position:50%;position:absolute;top:0;left:0;bottom:0;right:0;padding:50px;margin:auto}.elementor-slides .swiper-slide-inner,.elementor-slides .swiper-slide-inner:hover{color:#fff;display:-webkit-box;display:-ms-flexbox;display:flex}.elementor-slides .swiper-slide-inner .elementor-background-overlay{position:absolute;z-index:0;top:0;bottom:0;left:0;right:0}.elementor-slides .swiper-slide-inner .elementor-slide-content{position:relative;z-index:1;width:100%}.elementor-slides .swiper-slide-inner .elementor-slide-heading{font-size:35px;font-weight:700;line-height:1}.elementor-slides .swiper-slide-inner .elementor-slide-description{font-size:17px;line-height:1.4}.elementor-slides .swiper-slide-inner .elementor-slide-description:not(:last-child),.elementor-slides .swiper-slide-inner .elementor-slide-heading:not(:last-child){margin-bottom:30px}.elementor-slides .swiper-slide-inner .elementor-slide-button{border:2px solid #fff;color:#fff;background:transparent;display:inline-block}.elementor-slides .swiper-slide-inner .elementor-slide-button,.elementor-slides .swiper-slide-inner .elementor-slide-button:hover{background:transparent;color:inherit;text-decoration:none}.elementor--v-position-top .swiper-slide-inner{-webkit-box-align:start;-ms-flex-align:start;align-items:flex-start}.elementor--v-position-bottom .swiper-slide-inner{-webkit-box-align:end;-ms-flex-align:end;align-items:flex-end}.elementor--v-position-middle .swiper-slide-inner{-webkit-box-align:center;-ms-flex-align:center;align-items:center}.elementor--h-position-left .swiper-slide-inner{-webkit-box-pack:start;-ms-flex-pack:start;justify-content:flex-start}.elementor--h-position-right .swiper-slide-inner{-webkit-box-pack:end;-ms-flex-pack:end;justify-content:flex-end}.elementor--h-position-center .swiper-slide-inner{-webkit-box-pack:center;-ms-flex-pack:center;justify-content:center}body.rtl .elementor-widget-slides .elementor-swiper-button-next{left:10px;right:auto}body.rtl .elementor-widget-slides .elementor-swiper-button-prev{right:10px;left:auto}.elementor-slides-wrapper div:not(.swiper-slide)>.swiper-slide-inner{display:none}@media (max-width:767px){.elementor-slides .swiper-slide-inner{padding:30px}.elementor-slides .swiper-slide-inner .elementor-slide-heading{font-size:23px;line-height:1;margin-bottom:15px}.elementor-slides .swiper-slide-inner .elementor-slide-description{font-size:13px;line-height:1.4;margin-bottom:15px}}<\/style>\t\t<div class=\"elementor-swiper\">\n\t\t\t<div class=\"elementor-slides-wrapper elementor-main-swiper swiper-container\" dir=\"ltr\" data-animation=\"fadeInUp\">\n\t\t\t\t<div class=\"swiper-wrapper elementor-slides\">\n\t\t\t\t\t\t\t\t\t\t<div class=\"elementor-repeater-item-6ef85a0 swiper-slide\"><div class=\"swiper-slide-bg\"><\/div><div class=\"elementor-background-overlay\"><\/div><div class=\"swiper-slide-inner\" ><div class=\"swiper-slide-contents\"><div  class=\"elementor-button elementor-slide-button elementor-size-md\">Contactez-nous<\/div><\/div><\/div><\/div>\t\t\t\t<\/div>\n\t\t\t\t\t\t\t<\/div>\n\t\t<\/div>\n\t\t\t\t<\/div>\n\t\t\t\t<\/div>\n\t\t\t\t\t<\/div>\n\t\t<\/div>\n\t\t\t\t\t\t\t<\/div>\n\t\t<\/section>\n\t\t\t\t<section class=\"elementor-section elementor-top-section elementor-element elementor-element-969788a elementor-section-content-middle elementor-reverse-mobile animated-slow elementor-section-stretched elementor-section-boxed elementor-section-height-default elementor-section-height-default elementor-invisible\" data-id=\"969788a\" data-element_type=\"section\" data-settings=\"{&quot;animation&quot;:&quot;zoomIn&quot;,&quot;stretch_section&quot;:&quot;section-stretched&quot;,&quot;background_background&quot;:&quot;classic&quot;}\">\n\t\t\t\t\t\t<div class=\"elementor-container elementor-column-gap-no\">\n\t\t\t\t\t<div class=\"elementor-column elementor-col-50 elementor-top-column elementor-element elementor-element-4048187b\" data-id=\"4048187b\" data-element_type=\"column\">\n\t\t\t<div class=\"elementor-widget-wrap elementor-element-populated\">\n\t\t\t\t\t\t\t\t<div class=\"elementor-element elementor-element-4fc1d4ba elementor-widget elementor-widget-heading\" data-id=\"4fc1d4ba\" data-element_type=\"widget\" data-widget_type=\"heading.default\">\n\t\t\t\t<div class=\"elementor-widget-container\">\n\t\t\t<style>\/*! elementor - v3.17.0 - 01-11-2023 *\/\n.elementor-heading-title{padding:0;margin:0;line-height:1}.elementor-widget-heading .elementor-heading-title[class*=elementor-size-]>a{color:inherit;font-size:inherit;line-height:inherit}.elementor-widget-heading .elementor-heading-title.elementor-size-small{font-size:15px}.elementor-widget-heading .elementor-heading-title.elementor-size-medium{font-size:19px}.elementor-widget-heading .elementor-heading-title.elementor-size-large{font-size:29px}.elementor-widget-heading .elementor-heading-title.elementor-size-xl{font-size:39px}.elementor-widget-heading .elementor-heading-title.elementor-size-xxl{font-size:59px}<\/style><h4 class=\"elementor-heading-title elementor-size-default\">Qu\u2019est-ce que La Dict\u00e9e P.G.L.?<\/h4>\t\t<\/div>\n\t\t\t\t<\/div>\n\t\t\t\t<div class=\"elementor-element elementor-element-47390409 elementor-widget elementor-widget-text-editor\" data-id=\"47390409\" data-element_type=\"widget\" data-widget_type=\"text-editor.default\">\n\t\t\t\t<div class=\"elementor-widget-container\">\n\t\t\t<style>\/*! elementor - v3.17.0 - 01-11-2023 *\/\n.elementor-widget-text-editor.elementor-drop-cap-view-stacked .elementor-drop-cap{background-color:#69727d;color:#fff}.elementor-widget-text-editor.elementor-drop-cap-view-framed .elementor-drop-cap{color:#69727d;border:3px solid;background-color:transparent}.elementor-widget-text-editor:not(.elementor-drop-cap-view-default) .elementor-drop-cap{margin-top:8px}.elementor-widget-text-editor:not(.elementor-drop-cap-view-default) .elementor-drop-cap-letter{width:1em;height:1em}.elementor-widget-text-editor .elementor-drop-cap{float:left;text-align:center;line-height:1;font-size:50px}.elementor-widget-text-editor .elementor-drop-cap-letter{display:inline-block}<\/style>\t\t\t\t<p>La Dict\u00e9e P.G.L. est un projet \u00e9ducatif majeur mis en place en 1991 au Canada et dans le monde. Ce projet cherche \u00e0 sensibiliser les jeunes de mani\u00e8re ludique aux enjeux du monde qui les entoure (coop\u00e9ration internationale, respect, solidarit\u00e9, d\u00e9veloppement durable, acc\u00e8s \u00e0 l\u2019\u00e9ducation, etc.) et \u00e0 am\u00e9liorer l\u2019usage et la ma\u00eetrise de la langue fran\u00e7aise. Pour cela, la Fondation fournit aux \u00e9l\u00e8ves et aux enseignantes et enseignants participants divers outils p\u00e9dagogiques. Elle donne \u00e9galement aux \u00e9l\u00e8ves la possibilit\u00e9 de participer \u00e0 une comp\u00e9tition stimulante et amusante, qui chaque ann\u00e9e aboutit \u00e0 la Grande Finale Internationale pour les \u00e9l\u00e8ves de CM2 et C6.<\/p>\t\t\t\t\t\t<\/div>\n\t\t\t\t<\/div>\n\t\t\t\t<div class=\"elementor-element elementor-element-52bcf2dd elementor-mobile-align-center elementor-widget elementor-widget-button\" data-id=\"52bcf2dd\" data-element_type=\"widget\" data-widget_type=\"button.default\">\n\t\t\t\t<div class=\"elementor-widget-container\">\n\t\t\t\t\t<div class=\"elementor-button-wrapper\">\n\t\t\t<a class=\"elementor-button elementor-button-link elementor-size-sm elementor-animation-grow\" href=\"#\">\n\t\t\t\t\t\t<span class=\"elementor-button-content-wrapper\">\n\t\t\t\t\t\t<span class=\"elementor-button-text\">CONTACTEZ-NOUS<\/span>\n\t\t<\/span>\n\t\t\t\t\t<\/a>\n\t\t<\/div>\n\t\t\t\t<\/div>\n\t\t\t\t<\/div>\n\t\t\t\t\t<\/div>\n\t\t<\/div>\n\t\t\t\t<div class=\"elementor-column elementor-col-50 elementor-top-column elementor-element elementor-element-2e365085\" data-id=\"2e365085\" data-element_type=\"column\" data-settings=\"{&quot;background_background&quot;:&quot;classic&quot;}\">\n\t\t\t<div class=\"elementor-widget-wrap elementor-element-populated\">\n\t\t\t\t\t\t\t\t\t<\/div>\n\t\t<\/div>\n\t\t\t\t\t\t\t<\/div>\n\t\t<\/section>\n\t\t\t\t<section class=\"elementor-section elementor-top-section elementor-element elementor-element-59ps7sp animated-slow elementor-section-boxed elementor-section-height-default elementor-section-height-default elementor-invisible\" data-id=\"59ps7sp\" data-element_type=\"section\" data-settings=\"{&quot;animation&quot;:&quot;zoomIn&quot;}\">\n\t\t\t\t\t\t<div class=\"elementor-container elementor-column-gap-no\">\n\t\t\t\t\t<div class=\"elementor-column elementor-col-100 elementor-top-column elementor-element elementor-element-c35f71e\" data-id=\"c35f71e\" data-element_type=\"column\">\n\t\t\t<div class=\"elementor-widget-wrap elementor-element-populated\">\n\t\t\t\t\t\t\t\t<div class=\"elementor-element elementor-element-4cdf0e0 elementor-widget elementor-widget-heading\" data-id=\"4cdf0e0\" data-element_type=\"widget\" data-widget_type=\"heading.default\">\n\t\t\t\t<div class=\"elementor-widget-container\">\n\t\t\t<h5 class=\"elementor-heading-title elementor-size-default\">La Dict\u00e9e P.G.L.<\/h5>\t\t<\/div>\n\t\t\t\t<\/div>\n\t\t\t\t<section class=\"elementor-section elementor-inner-section elementor-element elementor-element-a84faa1 elementor-section-boxed elementor-section-height-default elementor-section-height-default\" data-id=\"a84faa1\" data-element_type=\"section\">\n\t\t\t\t\t\t<div class=\"elementor-container elementor-column-gap-default\">\n\t\t\t\t\t<div class=\"elementor-column elementor-col-100 elementor-inner-column elementor-element elementor-element-2959c64\" data-id=\"2959c64\" data-element_type=\"column\">\n\t\t\t<div class=\"elementor-widget-wrap elementor-element-populated\">\n\t\t\t\t\t\t\t\t<div class=\"elementor-element elementor-element-f248c9c uael-faq-box-layout-yes align-at-left elementor-widget elementor-widget-uael-faq\" data-id=\"f248c9c\" data-element_type=\"widget\" data-widget_type=\"uael-faq.default\">\n\t\t\t\t<div class=\"elementor-widget-container\">\n\t\t\t\n\t\t\t<div id='uael-faq-wrapper-254' class=\"uael-faq-wrapper\">\n\t\t\t\t<div class=\"uael-faq-container uael-faq-layout-accordion\" data-layout=\"accordion\" >\n\t\t\t\t\t\t\t\t\t\t\t\t<div id=\"uael-accordion-8cb2daf\" class=\"uael-faq-accordion\" role=\"tablist\">\n\t\t\t\t\t\t\t\t<div class= \"uael-accordion-title\" aria-expanded=\"false\" role=\"tab\">\n\t\t\t\t\t\t\t\t\t<span class=\"uael-accordion-icon uael-accordion-icon-left\">\n\t\t\t\t\t\t\t\t\t\t<span class=\"uael-accordion-icon-closed\"><i class=\"fas fa-caret-right\"><\/i><\/span>\n\t\t\t\t\t\t\t\t\t\t<span class=\"uael-accordion-icon-opened\"><i class=\"fas fa-sort-down\"><\/i><\/span>\n\t\t\t\t\t\t\t\t\t<\/span>\n\t\t\t\t\t\t\t\t\t<h4 class=\"uael-question-8cb2daf uael-question-span\" tabindex=\"0\" id=\"uael-faq-1\">Pourquoi participer \u00e0 ce projet ?<\/h4>\n\t\t\t\t\t\t\t\t<\/div>\n\t\t\t\t\t\t\t\t<div class=\"uael-accordion-content\" role=\"tabpanel\">\n\t\t\t\t\t\t\t\t\t<span>\n\t\t\t\t\t\t\t\t\t<span><p>Tout d\u2019abord, ce projet est b\u00e9n\u00e9fique aux \u00e9l\u00e8ves qui tirent une grande fiert\u00e9 de leur participation \u00e0 ce projet rassemblant des enfants de pays diff\u00e9rents. Ils vivent une exp\u00e9rience amusante et enrichissante \u00e0 travers les diff\u00e9rentes comp\u00e9titions. De plus, le projet leur permet d\u2019am\u00e9liorer leurs habilet\u00e9s en \u00e9criture et en lecture de mani\u00e8re ludique.<\/p><\/span>\t\t\t\t\t\t\t\t\t<\/span>\n\t\t\t\t\t\t\t\t<\/div>\n\t\t\t\t\t\t\t<\/div>\n\t\t\t\t\t\t\t\t\t\t\t\t\t\t<div id=\"uael-accordion-ecf2f89\" class=\"uael-faq-accordion\" role=\"tablist\">\n\t\t\t\t\t\t\t\t<div class= \"uael-accordion-title\" aria-expanded=\"false\" role=\"tab\">\n\t\t\t\t\t\t\t\t\t<span class=\"uael-accordion-icon uael-accordion-icon-left\">\n\t\t\t\t\t\t\t\t\t\t<span class=\"uael-accordion-icon-closed\"><i class=\"fas fa-caret-right\"><\/i><\/span>\n\t\t\t\t\t\t\t\t\t\t<span class=\"uael-accordion-icon-opened\"><i class=\"fas fa-sort-down\"><\/i><\/span>\n\t\t\t\t\t\t\t\t\t<\/span>\n\t\t\t\t\t\t\t\t\t<h4 class=\"uael-question-ecf2f89 uael-question-span\" tabindex=\"0\" id=\"uael-faq-2\">Quels  sont les outils p\u00e9dagogiques fournis par le projets?<\/h4>\n\t\t\t\t\t\t\t\t<\/div>\n\t\t\t\t\t\t\t\t<div class=\"uael-accordion-content\" role=\"tabpanel\">\n\t\t\t\t\t\t\t\t\t<span>\n\t\t\t\t\t\t\t\t\t<span>Apr\u00e8s l\u2019inscription, les \u00e9coles ont acc\u00e8s \u00e0 de nombreux outils p\u00e9dagogiques offerts en versions papier, num\u00e9rique et en PDF t\u00e9l\u00e9chargeable :\n<ul>\n \t<li>Mon Magazine : Le cahier d\u2019activit\u00e9s de l\u2019\u00e9l\u00e8ve comprenant de multiples exercices et activit\u00e9s autour du th\u00e8me de l\u2019\u00e9dition en cours;<\/li>\n \t<li>Guide des enseignants : Outil destin\u00e9 \u00e0 accompagner l\u2019enseignante ou l\u2019enseignant \u00e0 travers les diff\u00e9rentes \u00e9tapes du projet. Il contient calendrier, mots de vocabulaire traitant des r\u00e9gularit\u00e9s orthographiques, code de correction et diff\u00e9rents types de dict\u00e9es pour r\u00e9pondre aux besoins de tous les \u00e9l\u00e8ves;<\/li>\n \t<li>Guide de l\u2019\u00e9cole : Outil destin\u00e9 \u00e0 accompagner la personne responsable du projet \u00e0 l\u2019\u00e9cole. Il contient les \u00e9tapes d\u00e9taill\u00e9es (calendrier, dates importantes, etc.) et les d\u00e9marches expliqu\u00e9es (inscriptions des finalistes aux concours, rapports de l\u2019\u00e9cole, etc.).<br> <br> Un Espace Activit\u00e9s accessible en ligne, enti\u00e8rement remis \u00e0 neuf \u00e0 l\u2019automne 2020, sur le site Web de La Dict\u00e9e P.G.L. pour mener le projet tant en classe qu\u2019\u00e0 la maison:<br> <br> <\/li>\n \t<li>Mon Magazine en ligne : Depuis 2013, une version interactive en ligne de Mon Magazine est disponible, pour que l\u2019\u00e9l\u00e8ve puisse s\u2019exercer de mani\u00e8re plus ludique, chez lui ou en classe. Cela lui permet \u00e9galement d\u2019avoir acc\u00e8s \u00e0 plus de 500 activit\u00e9s. La nouvelle version num\u00e9rique de Mon Magazine est compatible avec les logiciels d\u2019appoint linguistique (ex. WordQ);<\/li>\n \t<li>Les Dict\u00e9es audio : Dict\u00e9es d\u2019exercice class\u00e9es par niveau scolaire permettant \u00e0 l\u2019\u00e9l\u00e8ve de r\u00e9diger sa dict\u00e9e et de se corriger simultan\u00e9ment.<\/li>\n<\/ul><\/span>\t\t\t\t\t\t\t\t\t<\/span>\n\t\t\t\t\t\t\t\t<\/div>\n\t\t\t\t\t\t\t<\/div>\n\t\t\t\t\t\t\t\t\t\t\t<\/div>\n\t\t\t<\/div>\n\t\t\t\t\t<\/div>\n\t\t\t\t<\/div>\n\t\t\t\t\t<\/div>\n\t\t<\/div>\n\t\t\t\t\t\t\t<\/div>\n\t\t<\/section>\n\t\t\t\t\t<\/div>\n\t\t<\/div>\n\t\t\t\t\t\t\t<\/div>\n\t\t<\/section>\n\t\t\t\t<section class=\"elementor-section elementor-top-section elementor-element elementor-element-1bd2e44 animated-slow elementor-section-boxed elementor-section-height-default elementor-section-height-default elementor-invisible\" data-id=\"1bd2e44\" data-element_type=\"section\" data-settings=\"{&quot;animation&quot;:&quot;zoomIn&quot;}\">\n\t\t\t\t\t\t<div class=\"elementor-container elementor-column-gap-no\">\n\t\t\t\t\t<div class=\"elementor-column elementor-col-100 elementor-top-column elementor-element elementor-element-11adb85\" data-id=\"11adb85\" data-element_type=\"column\">\n\t\t\t<div class=\"elementor-widget-wrap elementor-element-populated\">\n\t\t\t\t\t\t\t\t<div class=\"elementor-element elementor-element-7c82eae elementor-widget elementor-widget-heading\" data-id=\"7c82eae\" data-element_type=\"widget\" data-widget_type=\"heading.default\">\n\t\t\t\t<div class=\"elementor-widget-container\">\n\t\t\t<h5 class=\"elementor-heading-title elementor-size-default\">Les finales et les concours<\/h5>\t\t<\/div>\n\t\t\t\t<\/div>\n\t\t\t\t<section class=\"elementor-section elementor-inner-section elementor-element elementor-element-071eb0d elementor-section-boxed elementor-section-height-default elementor-section-height-default\" data-id=\"071eb0d\" data-element_type=\"section\">\n\t\t\t\t\t\t<div class=\"elementor-container elementor-column-gap-default\">\n\t\t\t\t\t<div class=\"elementor-column elementor-col-100 elementor-inner-column elementor-element elementor-element-d5c62b5\" data-id=\"d5c62b5\" data-element_type=\"column\">\n\t\t\t<div class=\"elementor-widget-wrap elementor-element-populated\">\n\t\t\t\t\t\t\t\t<div class=\"elementor-element elementor-element-11eb9b8 uael-faq-box-layout-yes align-at-left elementor-widget elementor-widget-uael-faq\" data-id=\"11eb9b8\" data-element_type=\"widget\" data-widget_type=\"uael-faq.default\">\n\t\t\t\t<div class=\"elementor-widget-container\">\n\t\t\t\n\t\t\t<div id='uael-faq-wrapper-187' class=\"uael-faq-wrapper\">\n\t\t\t\t<div class=\"uael-faq-container uael-faq-layout-accordion\" data-layout=\"accordion\" >\n\t\t\t\t\t\t\t\t\t\t\t\t<div id=\"uael-accordion-8cb2daf\" class=\"uael-faq-accordion\" role=\"tablist\">\n\t\t\t\t\t\t\t\t<div class= \"uael-accordion-title\" aria-expanded=\"false\" role=\"tab\">\n\t\t\t\t\t\t\t\t\t<span class=\"uael-accordion-icon uael-accordion-icon-left\">\n\t\t\t\t\t\t\t\t\t\t<span class=\"uael-accordion-icon-closed\"><i class=\"fas fa-caret-right\"><\/i><\/span>\n\t\t\t\t\t\t\t\t\t\t<span class=\"uael-accordion-icon-opened\"><i class=\"fas fa-sort-down\"><\/i><\/span>\n\t\t\t\t\t\t\t\t\t<\/span>\n\t\t\t\t\t\t\t\t\t<h4 class=\"uael-question-8cb2daf uael-question-span\" tabindex=\"0\" id=\"uael-faq-1\">Quelles sont les diff\u00e9rentes \u00e9tapes du projet au cours de l'ann\u00e9e?<\/h4>\n\t\t\t\t\t\t\t\t<\/div>\n\t\t\t\t\t\t\t\t<div class=\"uael-accordion-content\" role=\"tabpanel\">\n\t\t\t\t\t\t\t\t\t<span>\n\t\t\t\t\t\t\t\t\t<span><p>Le projet commence g\u00e9n\u00e9ralement en janvier, une fois les magazines et les guides re\u00e7us par toutes les \u00e9coles. L\u2019\u00e9cole est enti\u00e8rement autonome quant au d\u00e9roulement des activit\u00e9s en classe et \u00e0 l\u2019utilisation de son mat\u00e9riel. Cependant, la Fondation propose \u00e0 celles et ceux qui le souhaitent un calendrier d\u2019activit\u00e9s \u00e0 titre de r\u00e9f\u00e9rence :<\/p><p><strong>Janvier (volet participation)<\/strong><\/p><ul><li>Explorer le th\u00e8me de l\u2019\u00e9dition en cours, faire \u00e9tudier les mots de vocabulaire et r\u00e9aliser les activit\u00e9s de Mon Magazine.<\/li><\/ul><p><strong>Janvier (pour les \u00e9coles qui participent \u00e0 la Cueillette du partage P.G.L.)<\/strong><\/p><ul><li style=\"list-style-type: none;\"><ul><li>Donner la Dict\u00e9e commandit\u00e9e associ\u00e9e \u00e0 la Cueillette du partage P.G.L.<\/li><\/ul><\/li><\/ul><p><strong>F\u00e9vrier (volet comp\u00e9titif, facultatif)<\/strong><br \/>\u00a0<\/p><ul><li>Faire la dict\u00e9e de la Finale de l\u2019\u00e9cole;<br \/>Inscrire l\u2019\u00e9l\u00e8ve vainqueur de CM2 ou de C6 \u00e0 la Finale Nationale par l'AMES.<\/li><\/ul><p><strong>Mars<\/strong><\/p><p>\u00a0<\/p><ul><li>Remplir le Rapport de l\u2019\u00e9cole pour les \u00e9coles inscrites en Cueillette du partage P.G.L.;<\/li><li>Finales R\u00e9gionales.<\/li><\/ul><p><strong>Mai (volet comp\u00e9titif, facultatif)<\/strong><\/p><p>\u00a0<\/p><ul><li>Grande Finale Internationale de La Dict\u00e9e P.G.L. pour le primaire (\u00e9l\u00e8ves de CM2 et de C6).<\/li><\/ul><\/span>\t\t\t\t\t\t\t\t\t<\/span>\n\t\t\t\t\t\t\t\t<\/div>\n\t\t\t\t\t\t\t<\/div>\n\t\t\t\t\t\t\t\t\t\t\t<\/div>\n\t\t\t<\/div>\n\t\t\t\t\t<\/div>\n\t\t\t\t<\/div>\n\t\t\t\t\t<\/div>\n\t\t<\/div>\n\t\t\t\t\t\t\t<\/div>\n\t\t<\/section>\n\t\t\t\t\t<\/div>\n\t\t<\/div>\n\t\t\t\t\t\t\t<\/div>\n\t\t<\/section>\n\t\t\t\t<section class=\"elementor-section elementor-top-section elementor-element elementor-element-845dba6 animated-slow elementor-section-boxed elementor-section-height-default elementor-section-height-default elementor-invisible\" data-id=\"845dba6\" data-element_type=\"section\" data-settings=\"{&quot;animation&quot;:&quot;zoomIn&quot;}\">\n\t\t\t\t\t\t<div class=\"elementor-container elementor-column-gap-no\">\n\t\t\t\t\t<div class=\"elementor-column elementor-col-100 elementor-top-column elementor-element elementor-element-c2eda90\" data-id=\"c2eda90\" data-element_type=\"column\">\n\t\t\t<div class=\"elementor-widget-wrap elementor-element-populated\">\n\t\t\t\t\t\t\t\t<div class=\"elementor-element elementor-element-5fbe003 elementor-widget elementor-widget-heading\" data-id=\"5fbe003\" data-element_type=\"widget\" data-widget_type=\"heading.default\">\n\t\t\t\t<div class=\"elementor-widget-container\">\n\t\t\t<h5 class=\"elementor-heading-title elementor-size-default\">Les contributions\n<\/h5>\t\t<\/div>\n\t\t\t\t<\/div>\n\t\t\t\t<section class=\"elementor-section elementor-inner-section elementor-element elementor-element-953a681 elementor-section-boxed elementor-section-height-default elementor-section-height-default\" data-id=\"953a681\" data-element_type=\"section\">\n\t\t\t\t\t\t<div class=\"elementor-container elementor-column-gap-default\">\n\t\t\t\t\t<div class=\"elementor-column elementor-col-100 elementor-inner-column elementor-element elementor-element-8babee8\" data-id=\"8babee8\" data-element_type=\"column\">\n\t\t\t<div class=\"elementor-widget-wrap elementor-element-populated\">\n\t\t\t\t\t\t\t\t<div class=\"elementor-element elementor-element-3190e65 uael-faq-box-layout-yes align-at-left elementor-widget elementor-widget-uael-faq\" data-id=\"3190e65\" data-element_type=\"widget\" data-widget_type=\"uael-faq.default\">\n\t\t\t\t<div class=\"elementor-widget-container\">\n\t\t\t\n\t\t\t<div id='uael-faq-wrapper-519' class=\"uael-faq-wrapper\">\n\t\t\t\t<div class=\"uael-faq-container uael-faq-layout-accordion\" data-layout=\"accordion\" >\n\t\t\t\t\t\t\t\t\t\t\t\t<div id=\"uael-accordion-8cb2daf\" class=\"uael-faq-accordion\" role=\"tablist\">\n\t\t\t\t\t\t\t\t<div class= \"uael-accordion-title\" aria-expanded=\"false\" role=\"tab\">\n\t\t\t\t\t\t\t\t\t<span class=\"uael-accordion-icon uael-accordion-icon-left\">\n\t\t\t\t\t\t\t\t\t\t<span class=\"uael-accordion-icon-closed\"><i class=\"fas fa-caret-right\"><\/i><\/span>\n\t\t\t\t\t\t\t\t\t\t<span class=\"uael-accordion-icon-opened\"><i class=\"fas fa-sort-down\"><\/i><\/span>\n\t\t\t\t\t\t\t\t\t<\/span>\n\t\t\t\t\t\t\t\t\t<h4 class=\"uael-question-8cb2daf uael-question-span\" tabindex=\"0\" id=\"uael-faq-1\">Contribution \u00e0 la dict\u00e9e P.G.L. : Trois options <\/h4>\n\t\t\t\t\t\t\t\t<\/div>\n\t\t\t\t\t\t\t\t<div class=\"uael-accordion-content\" role=\"tabpanel\">\n\t\t\t\t\t\t\t\t\t<span>\n\t\t\t\t\t\t\t\t\t<span><p>Nous souhaitons permettre au plus grand nombre d\u2019\u00e9l\u00e8ves de participer \u00e0 ce projet inclusif et rassembleur. Ainsi, nous vous proposons trois fa\u00e7ons, au choix, de participer au projet.<\/p><p><strong>1. Avec la Cueillette du partage P.G.L.<\/strong><\/p><p>La Cueillette du partage P.G.L. est une collecte de fonds qui se fait dans le cadre de la Dict\u00e9e commandit\u00e9e, un exercice inscrit dans le Guide des enseignants. L\u2019\u00e9l\u00e8ve a comme mission de faire commanditer sa dict\u00e9e par ses parents, \u00e0 qui nous proposons de faire un don pour la Cueillette du partage P.G.L. en fonction du\u00a0 nombre de mots \u00e9crits correctement par l\u2019\u00e9l\u00e8ve. Les classes participantes peuvent conserver une partie des sommes amass\u00e9es pour r\u00e9aliser leurs propres activit\u00e9s et projets p\u00e9dagogiques.<\/p><p><strong>2. Sans la Cueillette du partage P.G.L.<\/strong><\/p><p>La formule de participation Sans la Cueillette du partage P.G.L. permet aux \u00e9coles qui le souhaitent de participer \u00e0 l\u2019\u00e9dition sans aucune obligation de proc\u00e9der \u00e0 une collecte de fonds.<\/p><p><strong>3. Contribution forfaitaire<\/strong><\/p><p>L\u2019\u00e9cole peut contribuer au projet par une contribution forfaitaire qui repr\u00e9sente un montant fixe vers\u00e9 par l\u2019\u00e9cole, par \u00e9l\u00e8ve participant, payable apr\u00e8s l\u2019inscription. Dans ce cas, l\u2019\u00e9cole doit verser \u00e0 la Fondation Paul G\u00e9rin-Lajoie une contribution forfaitaire de 5 $ par \u00e9l\u00e8ve inscrit \u00e0 La Dict\u00e9e P.G.L. Ce montant appuie les activit\u00e9s de la Fondation \u00e0 l\u2019international en \u00e9ducation.<\/p><\/span>\t\t\t\t\t\t\t\t\t<\/span>\n\t\t\t\t\t\t\t\t<\/div>\n\t\t\t\t\t\t\t<\/div>\n\t\t\t\t\t\t\t\t\t\t\t\t\t\t<div id=\"uael-accordion-14a41d4\" class=\"uael-faq-accordion\" role=\"tablist\">\n\t\t\t\t\t\t\t\t<div class= \"uael-accordion-title\" aria-expanded=\"false\" role=\"tab\">\n\t\t\t\t\t\t\t\t\t<span class=\"uael-accordion-icon uael-accordion-icon-left\">\n\t\t\t\t\t\t\t\t\t\t<span class=\"uael-accordion-icon-closed\"><i class=\"fas fa-caret-right\"><\/i><\/span>\n\t\t\t\t\t\t\t\t\t\t<span class=\"uael-accordion-icon-opened\"><i class=\"fas fa-sort-down\"><\/i><\/span>\n\t\t\t\t\t\t\t\t\t<\/span>\n\t\t\t\t\t\t\t\t\t<h4 class=\"uael-question-14a41d4 uael-question-span\" tabindex=\"0\" id=\"uael-faq-2\">Qu'est-ce que la cueillette du partage P.G.L.?<\/h4>\n\t\t\t\t\t\t\t\t<\/div>\n\t\t\t\t\t\t\t\t<div class=\"uael-accordion-content\" role=\"tabpanel\">\n\t\t\t\t\t\t\t\t\t<span>\n\t\t\t\t\t\t\t\t\t<span><p>La Cueillette du partage P.G.L. est une collecte de fonds qui se fait \u00e0 partir d\u2019une dict\u00e9e dite commandit\u00e9e (r\u00e9f. question ci-dessous). Il n\u2019y a pas de minimum \u00e0 amasser. Pour des raisons de s\u00e9curit\u00e9, la Fondation Paul G\u00e9rin-Lajoie proscrit le porte-\u00e0-porte pour la Cueillette du partage P.G.L. et recommande que les enfants ne sollicitent que des proches dans le cadre de cette activit\u00e9, sous la supervision parentale. L\u2019\u00e9cole peut, si elle le d\u00e9sire, garder une partie de la somme amass\u00e9e pour ses propres projets. L\u2019autre partie revient \u00e0 la Fondation Paul G\u00e9rin-Lajoie et sera utilis\u00e9e pour soutenir les projets qu\u2019elle m\u00e8ne en Afrique et en Ha\u00efti et contribuera \u00e9galement au d\u00e9veloppement intrins\u00e8que de La Dict\u00e9e P.G.L.<\/p><\/span>\t\t\t\t\t\t\t\t\t<\/span>\n\t\t\t\t\t\t\t\t<\/div>\n\t\t\t\t\t\t\t<\/div>\n\t\t\t\t\t\t\t\t\t\t\t\t\t\t<div id=\"uael-accordion-f191bd7\" class=\"uael-faq-accordion\" role=\"tablist\">\n\t\t\t\t\t\t\t\t<div class= \"uael-accordion-title\" aria-expanded=\"false\" role=\"tab\">\n\t\t\t\t\t\t\t\t\t<span class=\"uael-accordion-icon uael-accordion-icon-left\">\n\t\t\t\t\t\t\t\t\t\t<span class=\"uael-accordion-icon-closed\"><i class=\"fas fa-caret-right\"><\/i><\/span>\n\t\t\t\t\t\t\t\t\t\t<span class=\"uael-accordion-icon-opened\"><i class=\"fas fa-sort-down\"><\/i><\/span>\n\t\t\t\t\t\t\t\t\t<\/span>\n\t\t\t\t\t\t\t\t\t<h4 class=\"uael-question-f191bd7 uael-question-span\" tabindex=\"0\" id=\"uael-faq-3\">Qu'est-ce que la dict\u00e9e commandit\u00e9e?<\/h4>\n\t\t\t\t\t\t\t\t<\/div>\n\t\t\t\t\t\t\t\t<div class=\"uael-accordion-content\" role=\"tabpanel\">\n\t\t\t\t\t\t\t\t\t<span>\n\t\t\t\t\t\t\t\t\t<span><p>La Dict\u00e9e commandit\u00e9e est un exercice inscrit dans le Guide des enseignants devant \u00eatre donn\u00e9 aux \u00e9l\u00e8ves \u00e0 la fin janvier. L\u2019\u00e9l\u00e8ve a comme mission de faire commanditer sa dict\u00e9e par ses parents \u00e0 qui nous proposons de faire un don pour la Cueillette du partage P.G.L. en fonction du nombre de mots \u00e9crits correctement ou un don forfaitaire pour l\u2019ensemble de la dict\u00e9e.<\/p><\/span>\t\t\t\t\t\t\t\t\t<\/span>\n\t\t\t\t\t\t\t\t<\/div>\n\t\t\t\t\t\t\t<\/div>\n\t\t\t\t\t\t\t\t\t\t\t\t\t\t<div id=\"uael-accordion-82bdea1\" class=\"uael-faq-accordion\" role=\"tablist\">\n\t\t\t\t\t\t\t\t<div class= \"uael-accordion-title\" aria-expanded=\"false\" role=\"tab\">\n\t\t\t\t\t\t\t\t\t<span class=\"uael-accordion-icon uael-accordion-icon-left\">\n\t\t\t\t\t\t\t\t\t\t<span class=\"uael-accordion-icon-closed\"><i class=\"fas fa-caret-right\"><\/i><\/span>\n\t\t\t\t\t\t\t\t\t\t<span class=\"uael-accordion-icon-opened\"><i class=\"fas fa-sort-down\"><\/i><\/span>\n\t\t\t\t\t\t\t\t\t<\/span>\n\t\t\t\t\t\t\t\t\t<h4 class=\"uael-question-82bdea1 uael-question-span\" tabindex=\"0\" id=\"uael-faq-4\">Re\u00e7u fiscal<\/h4>\n\t\t\t\t\t\t\t\t<\/div>\n\t\t\t\t\t\t\t\t<div class=\"uael-accordion-content\" role=\"tabpanel\">\n\t\t\t\t\t\t\t\t\t<span>\n\t\t\t\t\t\t\t\t\t<span><p>Toutes les personnes qui feront un don \u00e0 la Cueillette du partage P.G.L. pourront recevoir un re\u00e7u fiscal pour une contribution \u00e9gale ou sup\u00e9rieure \u00e0 20 $.<\/p><\/span>\t\t\t\t\t\t\t\t\t<\/span>\n\t\t\t\t\t\t\t\t<\/div>\n\t\t\t\t\t\t\t<\/div>\n\t\t\t\t\t\t\t\t\t\t\t\t\t\t<div id=\"uael-accordion-5836702\" class=\"uael-faq-accordion\" role=\"tablist\">\n\t\t\t\t\t\t\t\t<div class= \"uael-accordion-title\" aria-expanded=\"false\" role=\"tab\">\n\t\t\t\t\t\t\t\t\t<span class=\"uael-accordion-icon uael-accordion-icon-left\">\n\t\t\t\t\t\t\t\t\t\t<span class=\"uael-accordion-icon-closed\"><i class=\"fas fa-caret-right\"><\/i><\/span>\n\t\t\t\t\t\t\t\t\t\t<span class=\"uael-accordion-icon-opened\"><i class=\"fas fa-sort-down\"><\/i><\/span>\n\t\t\t\t\t\t\t\t\t<\/span>\n\t\t\t\t\t\t\t\t\t<h4 class=\"uael-question-5836702 uael-question-span\" tabindex=\"0\" id=\"uael-faq-5\">Que ce projets permet-il de r\u00e9aliser?<\/h4>\n\t\t\t\t\t\t\t\t<\/div>\n\t\t\t\t\t\t\t\t<div class=\"uael-accordion-content\" role=\"tabpanel\">\n\t\t\t\t\t\t\t\t\t<span>\n\t\t\t\t\t\t\t\t\t<span><p>Depuis sa cr\u00e9ation en 1991, ce projet a permis \u00e0 la Fondation de r\u00e9aliser de multiples projets.<\/p><p>Gr\u00e2ce \u00e0 l\u2019argent r\u00e9colt\u00e9 \u00e0 travers ce projet, la Fondation a pu:<br \/><br \/><\/p><p><strong>Fournir du mat\u00e9riel concret pour garantir une \u00e9ducation de base aux enfants :<\/strong><\/p><ul><li>183 \u00e9coles construites;<\/li><li>908 \u00e9coles r\u00e9nov\u00e9es et 200 biblioth\u00e8ques scolaires restaur\u00e9es;<\/li><li>122 100 tables-bancs fournies.<\/li><\/ul><p><strong>Donner les cl\u00e9s aux \u00e9coles pour garantir la r\u00e9ussite scolaire de leurs \u00e9l\u00e8ves :<\/strong><\/p><ul><li>244 674 enfants soutenus dans leur r\u00e9ussite scolaire;<\/li><li>537 enseignants soutenus dans le renforcement de leurs m\u00e9thodes d\u2019enseignement;<\/li><li>600 \u00e9coles appuy\u00e9es en gestion.<\/li><\/ul><p><strong>Garantir la s\u00e9curit\u00e9 alimentaire des enfants :<\/strong><\/p><ul><li>Cr\u00e9ation de cantines scolaires;<\/li><li>Plus d\u2019un million de repas servis par des cantines scolaires.<\/li><\/ul><p><strong>Faciliter l\u2019insertion professionnelle de jeunes :<\/strong><\/p><ul><li>346 cadres du secteur de l\u2019\u00e9ducation form\u00e9s et appuy\u00e9s;<\/li><li>Plus de 2 000 jeunes appuy\u00e9s en formation professionnelle.<\/li><\/ul><p><strong>Alphab\u00e9tiser pr\u00e8s de 20 000 jeunes et adultes :<\/strong><\/p><ul><li>Renforcer les capacit\u00e9s et le pouvoir d\u2019action des femmes;<\/li><li>1 300 femmes soutenues pour la cr\u00e9ation de petites entreprises.<\/li><\/ul><\/span>\t\t\t\t\t\t\t\t\t<\/span>\n\t\t\t\t\t\t\t\t<\/div>\n\t\t\t\t\t\t\t<\/div>\n\t\t\t\t\t\t\t\t\t\t\t<\/div>\n\t\t\t<\/div>\n\t\t\t\t\t<\/div>\n\t\t\t\t<\/div>\n\t\t\t\t\t<\/div>\n\t\t<\/div>\n\t\t\t\t\t\t\t<\/div>\n\t\t<\/section>\n\t\t\t\t\t<\/div>\n\t\t<\/div>\n\t\t\t\t\t\t\t<\/div>\n\t\t<\/section>\n\t\t\t\t<section class=\"elementor-section elementor-top-section elementor-element elementor-element-1939dac6 elementor-section-content-middle elementor-section-full_width elementor-section-stretched animated-slow elementor-section-height-default elementor-section-height-default elementor-invisible\" data-id=\"1939dac6\" data-element_type=\"section\" data-settings=\"{&quot;background_background&quot;:&quot;classic&quot;,&quot;stretch_section&quot;:&quot;section-stretched&quot;,&quot;animation&quot;:&quot;zoomIn&quot;}\">\n\t\t\t\t\t\t\t<div class=\"elementor-background-overlay\"><\/div>\n\t\t\t\t\t\t\t<div class=\"elementor-container elementor-column-gap-default\">\n\t\t\t\t\t<div class=\"elementor-column elementor-col-100 elementor-top-column elementor-element elementor-element-18adfd7\" data-id=\"18adfd7\" data-element_type=\"column\" data-settings=\"{&quot;background_background&quot;:&quot;classic&quot;}\">\n\t\t\t<div class=\"elementor-widget-wrap elementor-element-populated\">\n\t\t\t\t\t\t\t\t<div class=\"elementor-element elementor-element-78d28341 elementor-widget elementor-widget-heading\" data-id=\"78d28341\" data-element_type=\"widget\" data-widget_type=\"heading.default\">\n\t\t\t\t<div class=\"elementor-widget-container\">\n\t\t\t<h2 class=\"elementor-heading-title elementor-size-default\">Vos aides sont les bienvenues pour la communaut\u00e9<\/h2>\t\t<\/div>\n\t\t\t\t<\/div>\n\t\t\t\t<div class=\"elementor-element elementor-element-53c21cfb elementor-widget elementor-widget-spacer\" data-id=\"53c21cfb\" data-element_type=\"widget\" data-widget_type=\"spacer.default\">\n\t\t\t\t<div class=\"elementor-widget-container\">\n\t\t\t<style>\/*! elementor - v3.17.0 - 01-11-2023 *\/\n.elementor-column .elementor-spacer-inner{height:var(--spacer-size)}.e-con{--container-widget-width:100%}.e-con-inner>.elementor-widget-spacer,.e-con>.elementor-widget-spacer{width:var(--container-widget-width,var(--spacer-size));--align-self:var(--container-widget-align-self,initial);--flex-shrink:0}.e-con-inner>.elementor-widget-spacer>.elementor-widget-container,.e-con>.elementor-widget-spacer>.elementor-widget-container{height:100%;width:100%}.e-con-inner>.elementor-widget-spacer>.elementor-widget-container>.elementor-spacer,.e-con>.elementor-widget-spacer>.elementor-widget-container>.elementor-spacer{height:100%}.e-con-inner>.elementor-widget-spacer>.elementor-widget-container>.elementor-spacer>.elementor-spacer-inner,.e-con>.elementor-widget-spacer>.elementor-widget-container>.elementor-spacer>.elementor-spacer-inner{height:var(--container-widget-height,var(--spacer-size))}.e-con-inner>.elementor-widget-spacer.elementor-widget-empty,.e-con>.elementor-widget-spacer.elementor-widget-empty{position:relative;min-height:22px;min-width:22px}.e-con-inner>.elementor-widget-spacer.elementor-widget-empty .elementor-widget-empty-icon,.e-con>.elementor-widget-spacer.elementor-widget-empty .elementor-widget-empty-icon{position:absolute;top:0;bottom:0;left:0;right:0;margin:auto;padding:0;width:22px;height:22px}<\/style>\t\t<div class=\"elementor-spacer\">\n\t\t\t<div class=\"elementor-spacer-inner\"><\/div>\n\t\t<\/div>\n\t\t\t\t<\/div>\n\t\t\t\t<\/div>\n\t\t\t\t<section class=\"elementor-section elementor-inner-section elementor-element elementor-element-cfd48a3 elementor-section-boxed elementor-section-height-default elementor-section-height-default\" data-id=\"cfd48a3\" data-element_type=\"section\" data-settings=\"{&quot;background_background&quot;:&quot;classic&quot;}\">\n\t\t\t\t\t\t<div class=\"elementor-container elementor-column-gap-no\">\n\t\t\t\t\t<div class=\"elementor-column elementor-col-33 elementor-inner-column elementor-element elementor-element-1b2480c0\" data-id=\"1b2480c0\" data-element_type=\"column\">\n\t\t\t<div class=\"elementor-widget-wrap elementor-element-populated\">\n\t\t\t\t\t\t\t\t<div class=\"elementor-element elementor-element-718f9048 elementor-align-right elementor-mobile-align-center elementor-widget elementor-widget-button\" data-id=\"718f9048\" data-element_type=\"widget\" data-widget_type=\"button.default\">\n\t\t\t\t<div class=\"elementor-widget-container\">\n\t\t\t\t\t<div class=\"elementor-button-wrapper\">\n\t\t\t<a class=\"elementor-button elementor-button-link elementor-size-sm\" href=\"#\">\n\t\t\t\t\t\t<span class=\"elementor-button-content-wrapper\">\n\t\t\t\t\t\t<span class=\"elementor-button-text\">Faire un don<\/span>\n\t\t<\/span>\n\t\t\t\t\t<\/a>\n\t\t<\/div>\n\t\t\t\t<\/div>\n\t\t\t\t<\/div>\n\t\t\t\t\t<\/div>\n\t\t<\/div>\n\t\t\t\t<div class=\"elementor-column elementor-col-33 elementor-inner-column elementor-element elementor-element-a2bd890\" data-id=\"a2bd890\" data-element_type=\"column\">\n\t\t\t<div class=\"elementor-widget-wrap elementor-element-populated\">\n\t\t\t\t\t\t\t\t<div class=\"elementor-element elementor-element-30090fa8 elementor-widget elementor-widget-heading\" data-id=\"30090fa8\" data-element_type=\"widget\" data-widget_type=\"heading.default\">\n\t\t\t\t<div class=\"elementor-widget-container\">\n\t\t\t<h5 class=\"elementor-heading-title elementor-size-default\">Ou bien<\/h5>\t\t<\/div>\n\t\t\t\t<\/div>\n\t\t\t\t\t<\/div>\n\t\t<\/div>\n\t\t\t\t<div class=\"elementor-column elementor-col-33 elementor-inner-column elementor-element elementor-element-33c0f3a3\" data-id=\"33c0f3a3\" data-element_type=\"column\">\n\t\t\t<div class=\"elementor-widget-wrap elementor-element-populated\">\n\t\t\t\t\t\t\t\t<div class=\"elementor-element elementor-element-60ba2cfb elementor-mobile-align-center elementor-widget elementor-widget-button\" data-id=\"60ba2cfb\" data-element_type=\"widget\" data-widget_type=\"button.default\">\n\t\t\t\t<div class=\"elementor-widget-container\">\n\t\t\t\t\t<div class=\"elementor-button-wrapper\">\n\t\t\t<a class=\"elementor-button elementor-button-link elementor-size-sm\" href=\"#\">\n\t\t\t\t\t\t<span class=\"elementor-button-content-wrapper\">\n\t\t\t\t\t\t<span class=\"elementor-button-text\">Contactez-nous<\/span>\n\t\t<\/span>\n\t\t\t\t\t<\/a>\n\t\t<\/div>\n\t\t\t\t<\/div>\n\t\t\t\t<\/div>\n\t\t\t\t\t<\/div>\n\t\t<\/div>\n\t\t\t\t\t\t\t<\/div>\n\t\t<\/section>\n\t\t\t\t\t<\/div>\n\t\t<\/div>\n\t\t\t\t\t\t\t<\/div>\n\t\t<\/section>\n\t\t\t\t\t\t\t<\/div>\n\t\t","protected":false},"excerpt":{"rendered":"<p>Contactez-nous Qu\u2019est-ce que La Dict\u00e9e P.G.L.? La Dict\u00e9e P.G.L. est un projet \u00e9ducatif majeur mis en place en 1991 au Canada et dans le monde. Ce projet cherche \u00e0 sensibiliser les jeunes de mani\u00e8re ludique aux enjeux du monde qui les entoure (coop\u00e9ration internationale, respect, solidarit\u00e9, d\u00e9veloppement durable, acc\u00e8s \u00e0 l\u2019\u00e9ducation, etc.) et \u00e0 am\u00e9liorer &hellip;<\/p>\n<p class=\"read-more\"> <a class=\"\" href=\"https:\/\/www.ames.ma\/index.php\/foire-aux-questions\/\"> <span class=\"screen-reader-text\">Foire aux questions<\/span> Lire la suite\u00a0\u00bb<\/a><\/p>\n","protected":false},"author":1,"featured_media":0,"parent":0,"menu_order":0,"comment_status":"closed","ping_status":"closed","template":"elementor_header_footer","meta":{"site-sidebar-layout":"default","site-content-layout":"default","ast-global-header-display":"","ast-main-header-display":"","ast-hfb-above-header-display":"","ast-hfb-below-header-display":"","ast-hfb-mobile-header-display":"","site-post-title":"","ast-breadcrumbs-content":"","ast-featured-img":"","footer-sml-layout":"","theme-transparent-header-meta":"default","adv-header-id-meta":"","stick-header-meta":"","header-above-stick-meta":"","header-main-stick-meta":"","header-below-stick-meta":"","footnotes":""},"class_list":["post-382","page","type-page","status-publish","hentry"],"yoast_head":"<!-- This site is optimized with the Yoast SEO plugin v21.5 - https:\/\/yoast.com\/wordpress\/plugins\/seo\/ -->\n<title>Foire aux questions - Ames MAROC<\/title>\n<meta name=\"robots\" content=\"index, follow, max-snippet:-1, max-image-preview:large, max-video-preview:-1\" \/>\n<link rel=\"canonical\" href=\"https:\/\/www.ames.ma\/index.php\/foire-aux-questions\/\" \/>\n<meta property=\"og:locale\" content=\"fr_FR\" \/>\n<meta property=\"og:type\" content=\"article\" \/>\n<meta property=\"og:title\" content=\"Foire aux questions - Ames MAROC\" \/>\n<meta property=\"og:description\" content=\"Contactez-nous Qu\u2019est-ce que La Dict\u00e9e P.G.L.? La Dict\u00e9e P.G.L. est un projet \u00e9ducatif majeur mis en place en 1991 au Canada et dans le monde. Ce projet cherche \u00e0 sensibiliser les jeunes de mani\u00e8re ludique aux enjeux du monde qui les entoure (coop\u00e9ration internationale, respect, solidarit\u00e9, d\u00e9veloppement durable, acc\u00e8s \u00e0 l\u2019\u00e9ducation, etc.) et \u00e0 am\u00e9liorer &hellip; Foire aux questions Lire la suite\u00a0\u00bb\" \/>\n<meta property=\"og:url\" content=\"https:\/\/www.ames.ma\/index.php\/foire-aux-questions\/\" \/>\n<meta property=\"og:site_name\" content=\"Ames MAROC\" \/>\n<meta property=\"article:modified_time\" content=\"2023-11-20T09:45:26+00:00\" \/>\n<meta name=\"twitter:card\" content=\"summary_large_image\" \/>\n<meta name=\"twitter:label1\" content=\"Dur\u00e9e de lecture estim\u00e9e\" \/>\n\t<meta name=\"twitter:data1\" content=\"7 minutes\" \/>\n<script type=\"application\/ld+json\" class=\"yoast-schema-graph\">{\"@context\":\"https:\/\/schema.org\",\"@graph\":[{\"@type\":\"WebPage\",\"@id\":\"https:\/\/www.ames.ma\/index.php\/foire-aux-questions\/\",\"url\":\"https:\/\/www.ames.ma\/index.php\/foire-aux-questions\/\",\"name\":\"Foire aux questions - Ames MAROC\",\"isPartOf\":{\"@id\":\"https:\/\/www.ames.ma\/#website\"},\"datePublished\":\"2023-04-27T11:29:13+00:00\",\"dateModified\":\"2023-11-20T09:45:26+00:00\",\"breadcrumb\":{\"@id\":\"https:\/\/www.ames.ma\/index.php\/foire-aux-questions\/#breadcrumb\"},\"inLanguage\":\"fr-FR\",\"potentialAction\":[{\"@type\":\"ReadAction\",\"target\":[\"https:\/\/www.ames.ma\/index.php\/foire-aux-questions\/\"]}]},{\"@type\":\"BreadcrumbList\",\"@id\":\"https:\/\/www.ames.ma\/index.php\/foire-aux-questions\/#breadcrumb\",\"itemListElement\":[{\"@type\":\"ListItem\",\"position\":1,\"name\":\"Accueil\",\"item\":\"https:\/\/www.ames.ma\/\"},{\"@type\":\"ListItem\",\"position\":2,\"name\":\"Foire aux questions\"}]},{\"@type\":\"WebSite\",\"@id\":\"https:\/\/www.ames.ma\/#website\",\"url\":\"https:\/\/www.ames.ma\/\",\"name\":\"Ames MAROC\",\"description\":\"\",\"publisher\":{\"@id\":\"https:\/\/www.ames.ma\/#organization\"},\"potentialAction\":[{\"@type\":\"SearchAction\",\"target\":{\"@type\":\"EntryPoint\",\"urlTemplate\":\"https:\/\/www.ames.ma\/?s={search_term_string}\"},\"query-input\":\"required name=search_term_string\"}],\"inLanguage\":\"fr-FR\"},{\"@type\":\"Organization\",\"@id\":\"https:\/\/www.ames.ma\/#organization\",\"name\":\"Ames MAROC\",\"url\":\"https:\/\/www.ames.ma\/\",\"logo\":{\"@type\":\"ImageObject\",\"inLanguage\":\"fr-FR\",\"@id\":\"https:\/\/www.ames.ma\/#\/schema\/logo\/image\/\",\"url\":\"https:\/\/www.ames.ma\/wp-content\/uploads\/2023\/04\/logo-AMES.jpg\",\"contentUrl\":\"https:\/\/www.ames.ma\/wp-content\/uploads\/2023\/04\/logo-AMES.jpg\",\"width\":2048,\"height\":2048,\"caption\":\"Ames MAROC\"},\"image\":{\"@id\":\"https:\/\/www.ames.ma\/#\/schema\/logo\/image\/\"}}]}<\/script>\n<!-- \/ Yoast SEO plugin. -->","yoast_head_json":{"title":"Foire aux questions - Ames MAROC","robots":{"index":"index","follow":"follow","max-snippet":"max-snippet:-1","max-image-preview":"max-image-preview:large","max-video-preview":"max-video-preview:-1"},"canonical":"https:\/\/www.ames.ma\/index.php\/foire-aux-questions\/","og_locale":"fr_FR","og_type":"article","og_title":"Foire aux questions - Ames MAROC","og_description":"Contactez-nous Qu\u2019est-ce que La Dict\u00e9e P.G.L.? La Dict\u00e9e P.G.L. est un projet \u00e9ducatif majeur mis en place en 1991 au Canada et dans le monde. Ce projet cherche \u00e0 sensibiliser les jeunes de mani\u00e8re ludique aux enjeux du monde qui les entoure (coop\u00e9ration internationale, respect, solidarit\u00e9, d\u00e9veloppement durable, acc\u00e8s \u00e0 l\u2019\u00e9ducation, etc.) et \u00e0 am\u00e9liorer &hellip; Foire aux questions Lire la suite\u00a0\u00bb","og_url":"https:\/\/www.ames.ma\/index.php\/foire-aux-questions\/","og_site_name":"Ames MAROC","article_modified_time":"2023-11-20T09:45:26+00:00","twitter_card":"summary_large_image","twitter_misc":{"Dur\u00e9e de lecture estim\u00e9e":"7 minutes"},"schema":{"@context":"https:\/\/schema.org","@graph":[{"@type":"WebPage","@id":"https:\/\/www.ames.ma\/index.php\/foire-aux-questions\/","url":"https:\/\/www.ames.ma\/index.php\/foire-aux-questions\/","name":"Foire aux questions - Ames MAROC","isPartOf":{"@id":"https:\/\/www.ames.ma\/#website"},"datePublished":"2023-04-27T11:29:13+00:00","dateModified":"2023-11-20T09:45:26+00:00","breadcrumb":{"@id":"https:\/\/www.ames.ma\/index.php\/foire-aux-questions\/#breadcrumb"},"inLanguage":"fr-FR","potentialAction":[{"@type":"ReadAction","target":["https:\/\/www.ames.ma\/index.php\/foire-aux-questions\/"]}]},{"@type":"BreadcrumbList","@id":"https:\/\/www.ames.ma\/index.php\/foire-aux-questions\/#breadcrumb","itemListElement":[{"@type":"ListItem","position":1,"name":"Accueil","item":"https:\/\/www.ames.ma\/"},{"@type":"ListItem","position":2,"name":"Foire aux questions"}]},{"@type":"WebSite","@id":"https:\/\/www.ames.ma\/#website","url":"https:\/\/www.ames.ma\/","name":"Ames MAROC","description":"","publisher":{"@id":"https:\/\/www.ames.ma\/#organization"},"potentialAction":[{"@type":"SearchAction","target":{"@type":"EntryPoint","urlTemplate":"https:\/\/www.ames.ma\/?s={search_term_string}"},"query-input":"required name=search_term_string"}],"inLanguage":"fr-FR"},{"@type":"Organization","@id":"https:\/\/www.ames.ma\/#organization","name":"Ames MAROC","url":"https:\/\/www.ames.ma\/","logo":{"@type":"ImageObject","inLanguage":"fr-FR","@id":"https:\/\/www.ames.ma\/#\/schema\/logo\/image\/","url":"https:\/\/www.ames.ma\/wp-content\/uploads\/2023\/04\/logo-AMES.jpg","contentUrl":"https:\/\/www.ames.ma\/wp-content\/uploads\/2023\/04\/logo-AMES.jpg","width":2048,"height":2048,"caption":"Ames MAROC"},"image":{"@id":"https:\/\/www.ames.ma\/#\/schema\/logo\/image\/"}}]}},"_links":{"self":[{"href":"https:\/\/www.ames.ma\/index.php\/wp-json\/wp\/v2\/pages\/382","targetHints":{"allow":["GET"]}}],"collection":[{"href":"https:\/\/www.ames.ma\/index.php\/wp-json\/wp\/v2\/pages"}],"about":[{"href":"https:\/\/www.ames.ma\/index.php\/wp-json\/wp\/v2\/types\/page"}],"author":[{"embeddable":true,"href":"https:\/\/www.ames.ma\/index.php\/wp-json\/wp\/v2\/users\/1"}],"replies":[{"embeddable":true,"href":"https:\/\/www.ames.ma\/index.php\/wp-json\/wp\/v2\/comments?post=382"}],"version-history":[{"count":37,"href":"https:\/\/www.ames.ma\/index.php\/wp-json\/wp\/v2\/pages\/382\/revisions"}],"predecessor-version":[{"id":1412,"href":"https:\/\/www.ames.ma\/index.php\/wp-json\/wp\/v2\/pages\/382\/revisions\/1412"}],"wp:attachment":[{"href":"https:\/\/www.ames.ma\/index.php\/wp-json\/wp\/v2\/media?parent=382"}],"curies":[{"name":"wp","href":"https:\/\/api.w.org\/{rel}","templated":true}]}}